{"id":1982,"date":"2023-07-12T09:52:01","date_gmt":"2023-07-12T09:52:01","guid":{"rendered":"https:\/\/www.leidscongresbureau.nl\/on-demand\/?post_type=productie&#038;p=1982"},"modified":"2023-07-12T10:37:15","modified_gmt":"2023-07-12T10:37:15","slug":"voeding-bij-mensen-met-een-verstandelijke-beperking","status":"publish","type":"productie","link":"https:\/\/www.leidscongresbureau.nl\/on-demand\/productie\/voeding-bij-mensen-met-een-verstandelijke-beperking\/","title":{"rendered":"Voeding bij mensen met een verstandelijke beperking"},"content":{"rendered":"\t\t<div data-elementor-type=\"wp-post\" data-elementor-id=\"1982\" class=\"elementor elementor-1982\">\n\t\t\t\t\t\t\t\t\t<section class=\"elementor-section elementor-top-section elementor-element elementor-element-7ed587ff elementor-section-boxed elementor-section-height-default elementor-section-height-default\" data-id=\"7ed587ff\" data-element_type=\"section\">\n\t\t\t\t\t\t<div class=\"elementor-container elementor-column-gap-default\">\n\t\t\t\t\t<div class=\"elementor-column elementor-col-100 elementor-top-column elementor-element elementor-element-4061c46e\" data-id=\"4061c46e\" data-element_type=\"column\">\n\t\t\t<div class=\"elementor-widget-wrap elementor-element-populated\">\n\t\t\t\t\t\t\t\t<section class=\"elementor-section elementor-inner-section elementor-element elementor-element-18cb0bb elementor-section-boxed elementor-section-height-default elementor-section-height-default\" data-id=\"18cb0bb\" data-element_type=\"section\">\n\t\t\t\t\t\t<div class=\"elementor-container elementor-column-gap-default\">\n\t\t\t\t\t<div class=\"elementor-column elementor-col-50 elementor-inner-column elementor-element elementor-element-3273242\" data-id=\"3273242\" data-element_type=\"column\">\n\t\t\t<div class=\"elementor-widget-wrap elementor-element-populated\">\n\t\t\t\t\t\t\t\t<div class=\"elementor-element elementor-element-62e10e9 elementor-widget elementor-widget-theme-post-featured-image elementor-widget-image\" data-id=\"62e10e9\" data-element_type=\"widget\" data-widget_type=\"theme-post-featured-image.default\">\n\t\t\t\t<div class=\"elementor-widget-container\">\n\t\t\t<style>\/*! elementor - v3.7.2 - 21-08-2022 *\/\n.elementor-widget-image{text-align:center}.elementor-widget-image a{display:inline-block}.elementor-widget-image a img[src$=\".svg\"]{width:48px}.elementor-widget-image img{vertical-align:middle;display:inline-block}<\/style>\t\t\t\t\t\t\t\t\t\t\t\t<img width=\"612\" height=\"408\" src=\"https:\/\/www.leidscongresbureau.nl\/on-demand\/wp-content\/uploads\/2023\/07\/L2320-Voeding-VG.jpg\" class=\"attachment-large size-large\" alt=\"\" loading=\"lazy\" srcset=\"https:\/\/www.leidscongresbureau.nl\/on-demand\/wp-content\/uploads\/2023\/07\/L2320-Voeding-VG.jpg 612w, https:\/\/www.leidscongresbureau.nl\/on-demand\/wp-content\/uploads\/2023\/07\/L2320-Voeding-VG-300x200.jpg 300w\" sizes=\"(max-width: 612px) 100vw, 612px\" \/>\t\t\t\t\t\t\t\t\t\t\t\t\t\t\t<\/div>\n\t\t\t\t<\/div>\n\t\t\t\t\t<\/div>\n\t\t<\/div>\n\t\t\t\t<div class=\"elementor-column elementor-col-50 elementor-inner-column elementor-element elementor-element-482fcc3\" data-id=\"482fcc3\" data-element_type=\"column\" data-settings=\"{&quot;background_background&quot;:&quot;classic&quot;}\">\n\t\t\t<div class=\"elementor-widget-wrap elementor-element-populated\">\n\t\t\t\t\t<div class=\"elementor-background-overlay\"><\/div>\n\t\t\t\t\t\t\t\t<div class=\"elementor-element elementor-element-9e6d232 elementor-widget elementor-widget-text-editor\" data-id=\"9e6d232\" data-element_type=\"widget\" data-widget_type=\"text-editor.default\">\n\t\t\t\t<div class=\"elementor-widget-container\">\n\t\t\t<style>\/*! elementor - v3.7.2 - 21-08-2022 *\/\n.elementor-widget-text-editor.elementor-drop-cap-view-stacked .elementor-drop-cap{background-color:#818a91;color:#fff}.elementor-widget-text-editor.elementor-drop-cap-view-framed .elementor-drop-cap{color:#818a91;border:3px solid;background-color:transparent}.elementor-widget-text-editor:not(.elementor-drop-cap-view-default) .elementor-drop-cap{margin-top:8px}.elementor-widget-text-editor:not(.elementor-drop-cap-view-default) .elementor-drop-cap-letter{width:1em;height:1em}.elementor-widget-text-editor .elementor-drop-cap{float:left;text-align:center;line-height:1;font-size:50px}.elementor-widget-text-editor .elementor-drop-cap-letter{display:inline-block}<\/style>\t\t\t\t<ul><li>Expert spreker<\/li><li>Praktische tips van di\u00ebtist<\/li><li>Tijdsduur: 124 minuten<\/li><li>Prijs: \u20ac49,- exlusief btw<\/li><\/ul>\t\t\t\t\t\t<\/div>\n\t\t\t\t<\/div>\n\t\t\t\t<div class=\"elementor-element elementor-element-9bd8270 elementor-align-right elementor-widget__width-inherit elementor-absolute elementor-hidden-tablet elementor-hidden-mobile elementor-widget elementor-widget-button\" data-id=\"9bd8270\" data-element_type=\"widget\" data-settings=\"{&quot;_position&quot;:&quot;absolute&quot;}\" data-widget_type=\"button.default\">\n\t\t\t\t<div class=\"elementor-widget-container\">\n\t\t\t\t\t<div class=\"elementor-button-wrapper\">\n\t\t\t<a href=\"#videos\" class=\"elementor-button-link elementor-button elementor-size-sm\" role=\"button\">\n\t\t\t\t\t\t<span class=\"elementor-button-content-wrapper\">\n\t\t\t\t\t\t<span class=\"elementor-button-text\">Bekijk de video<\/span>\n\t\t<\/span>\n\t\t\t\t\t<\/a>\n\t\t<\/div>\n\t\t\t\t<\/div>\n\t\t\t\t<\/div>\n\t\t\t\t\t<\/div>\n\t\t<\/div>\n\t\t\t\t\t\t\t<\/div>\n\t\t<\/section>\n\t\t\t\t<div class=\"elementor-element elementor-element-b2771fb elementor-widget elementor-widget-spacer\" data-id=\"b2771fb\" data-element_type=\"widget\" data-widget_type=\"spacer.default\">\n\t\t\t\t<div class=\"elementor-widget-container\">\n\t\t\t<style>\/*! elementor - v3.7.2 - 21-08-2022 *\/\n.elementor-column .elementor-spacer-inner{height:var(--spacer-size)}.e-container{--container-widget-width:100%}.e-container>.elementor-widget-spacer{width:var(--container-widget-width,var(--spacer-size));-ms-flex-item-align:stretch;align-self:stretch;-ms-flex-negative:0;flex-shrink:0}.e-container>.elementor-widget-spacer>.elementor-widget-container,.e-container>.elementor-widget-spacer>.elementor-widget-container>.elementor-spacer{height:100%}.e-container>.elementor-widget-spacer>.elementor-widget-container>.elementor-spacer>.elementor-spacer-inner{height:var(--container-widget-height,var(--spacer-size))}<\/style>\t\t<div class=\"elementor-spacer\">\n\t\t\t<div class=\"elementor-spacer-inner\"><\/div>\n\t\t<\/div>\n\t\t\t\t<\/div>\n\t\t\t\t<\/div>\n\t\t\t\t<div class=\"elementor-element elementor-element-5c721651 elementor-widget elementor-widget-text-editor\" data-id=\"5c721651\" data-element_type=\"widget\" data-widget_type=\"text-editor.default\">\n\t\t\t\t<div class=\"elementor-widget-container\">\n\t\t\t\t\t\t\t<h1><strong>Voeding bij mensen met een verstandelijke beperking<\/strong><\/h1><p>De diversiteit van cli\u00ebnten binnen de VG is groot: Ernstig meervoudig beperkt met ondergewicht en een aangepaste voeding door kauw- en slikproblemen; licht verstandelijk beperkt met autisme en obesitas; een ouder wordende cli\u00ebnt die graag eet maar alleen maar zwaarder en passiever wordt. Daarnaast hebben cli\u00ebnten vaak syndromen en\/of aandoeningen en medicatie die invloed hebben op hun gezondheid, fitheid en gewicht. Woongroepen hebben vaak te maken met verschillende vragen rondom voeding en gezondheid. Waarbij de behoeften van de cli\u00ebnten soms tegenovergesteld zijn.<\/p><p>\u00a0<\/p><p>De meeste begeleiders willen graag zorg dragen voor een goed voedingsbeleid op de woningen, maar door veel (commerci\u00eble) ruis over wat nu gezond is, weet men vaak niet goed waar te beginnen of ontstaat er discussie tussen collega\u2019s over de juiste aanpak.<\/p><p>\u00a0<\/p><p>In deze webinar helpen we jou als begeleider met de juiste \u2013 wetenschappelijk onderbouwde \u2013 informatie en handvatten om goede voeding voor je cli\u00ebnten op een professionele manier vorm te geven. Met als doel om de gezondheid van je cli\u00ebnt te bevorderen en te ondersteunen.<\/p><p>Dit is een bewerkte opname van een live webinar. Hierdoor zijn, omwille van privacy, sommige delen uit de video gehaald.<\/p><p>\u00a0<\/p><p><strong>Spreker<\/strong><\/p><p>Rian Korf, ruim 20 jaar werkzaam als di\u00ebtist VG bij ASVZ in Sliedrecht en omgeving. Lid van de landelijke vereniging DVG (www.di\u00ebtistvg.nl), Nederlandse Vereniging van Di\u00ebtisten en ingeschreven in het Kwaliteitsregister Paramedici.\u00a0<\/p><p>\u00a0<\/p><p><strong>Doelgroep<\/strong><\/p><p>Eenieder met interesse in voeding bij mensen met een verstandelijke beperking, zoals begeleiders.<\/p>\t\t\t\t\t\t<\/div>\n\t\t\t\t<\/div>\n\t\t\t\t<div class=\"elementor-element elementor-element-325650c elementor-widget elementor-widget-spacer\" data-id=\"325650c\" data-element_type=\"widget\" data-widget_type=\"spacer.default\">\n\t\t\t\t<div class=\"elementor-widget-container\">\n\t\t\t\t\t<div class=\"elementor-spacer\">\n\t\t\t<div class=\"elementor-spacer-inner\"><\/div>\n\t\t<\/div>\n\t\t\t\t<\/div>\n\t\t\t\t<\/div>\n\t\t\t\t<div class=\"elementor-element elementor-element-4b6ab4a elementor-widget elementor-widget-spacer\" data-id=\"4b6ab4a\" data-element_type=\"widget\" data-widget_type=\"spacer.default\">\n\t\t\t\t<div class=\"elementor-widget-container\">\n\t\t\t\t\t<div class=\"elementor-spacer\">\n\t\t\t<div class=\"elementor-spacer-inner\"><\/div>\n\t\t<\/div>\n\t\t\t\t<\/div>\n\t\t\t\t<\/div>\n\t\t\t\t<div class=\"elementor-element elementor-element-33fad3e elementor-align-center elementor-widget elementor-widget-button\" data-id=\"33fad3e\" data-element_type=\"widget\" id=\"videos\" data-widget_type=\"button.default\">\n\t\t\t\t<div class=\"elementor-widget-container\">\n\t\t\t\t\t<div class=\"elementor-button-wrapper\">\n\t\t\t<a href=\"https:\/\/www.eventure-online.com\/eventure\/login.form?P54c60020-68cf-4092-9b3e-fdca31ae3146\" target=\"_blank\" class=\"elementor-button-link elementor-button elementor-size-sm\" role=\"button\">\n\t\t\t\t\t\t<span class=\"elementor-button-content-wrapper\">\n\t\t\t\t\t\t<span class=\"elementor-button-text\">Koop deze On demand scholing<\/span>\n\t\t<\/span>\n\t\t\t\t\t<\/a>\n\t\t<\/div>\n\t\t\t\t<\/div>\n\t\t\t\t<\/div>\n\t\t\t\t<div class=\"elementor-element elementor-element-585d969 elementor-widget elementor-widget-text-editor\" data-id=\"585d969\" data-element_type=\"widget\" data-widget_type=\"text-editor.default\">\n\t\t\t\t<div class=\"elementor-widget-container\">\n\t\t\t\t\t\t\t<p>Vul hieronder de code in die je hebt ontvangen bij je aankoop.<\/p>\t\t\t\t\t\t<\/div>\n\t\t\t\t<\/div>\n\t\t\t\t\t<\/div>\n\t\t<\/div>\n\t\t\t\t\t\t\t<\/div>\n\t\t<\/section>\n\t\t\t\t<section class=\"elementor-section elementor-top-section elementor-element elementor-element-563de3e single-offer-video-container elementor-section-boxed elementor-section-height-default elementor-section-height-default\" data-id=\"563de3e\" data-element_type=\"section\" id=\"videos\">\n\t\t\t\t\t\t<div class=\"elementor-container elementor-column-gap-default\">\n\t\t\t\t\t<div class=\"elementor-column elementor-col-100 elementor-top-column elementor-element elementor-element-5e1ea5e\" data-id=\"5e1ea5e\" data-element_type=\"column\">\n\t\t\t<div class=\"elementor-widget-wrap elementor-element-populated\">\n\t\t\t\t\t\t\t\t<div class=\"elementor-element elementor-element-e7182e6 elementor-widget elementor-widget-heading\" data-id=\"e7182e6\" data-element_type=\"widget\" data-widget_type=\"heading.default\">\n\t\t\t\t<div class=\"elementor-widget-container\">\n\t\t\t<style>\/*! elementor - v3.7.2 - 21-08-2022 *\/\n.elementor-heading-title{padding:0;margin:0;line-height:1}.elementor-widget-heading .elementor-heading-title[class*=elementor-size-]>a{color:inherit;font-size:inherit;line-height:inherit}.elementor-widget-heading .elementor-heading-title.elementor-size-small{font-size:15px}.elementor-widget-heading .elementor-heading-title.elementor-size-medium{font-size:19px}.elementor-widget-heading .elementor-heading-title.elementor-size-large{font-size:29px}.elementor-widget-heading .elementor-heading-title.elementor-size-xl{font-size:39px}.elementor-widget-heading .elementor-heading-title.elementor-size-xxl{font-size:59px}<\/style><h4 class=\"elementor-heading-title elementor-size-default\">Voeding bij mensen met een verstandelijke beperking<\/h4>\t\t<\/div>\n\t\t\t\t<\/div>\n\t\t\t\t<div class=\"elementor-element elementor-element-aa3f632 elementor-widget elementor-widget-heading\" data-id=\"aa3f632\" data-element_type=\"widget\" data-widget_type=\"heading.default\">\n\t\t\t\t<div class=\"elementor-widget-container\">\n\t\t\t<h5 class=\"elementor-heading-title elementor-size-default\">- Rian Korf - <\/h5>\t\t<\/div>\n\t\t\t\t<\/div>\n\t\t\t\t<div class=\"elementor-element elementor-element-81d3f68 elementor-aspect-ratio-169 elementor-widget elementor-widget-video\" data-id=\"81d3f68\" data-element_type=\"widget\" data-settings=\"{&quot;video_type&quot;:&quot;vimeo&quot;,&quot;aspect_ratio&quot;:&quot;169&quot;}\" data-widget_type=\"video.default\">\n\t\t\t\t<div class=\"elementor-widget-container\">\n\t\t\t<style>\/*! elementor - v3.7.2 - 21-08-2022 *\/\n.elementor-widget-video .elementor-widget-container{overflow:hidden;-webkit-transform:translateZ(0);transform:translateZ(0)}.elementor-widget-video .elementor-open-inline .elementor-custom-embed-image-overlay{position:absolute;top:0;left:0;width:100%;height:100%;background-size:cover;background-position:50%}.elementor-widget-video .elementor-custom-embed-image-overlay{cursor:pointer;text-align:center}.elementor-widget-video .elementor-custom-embed-image-overlay:hover .elementor-custom-embed-play i{opacity:1}.elementor-widget-video .elementor-custom-embed-image-overlay img{display:block;width:100%}.elementor-widget-video .e-hosted-video .elementor-video{-o-object-fit:cover;object-fit:cover}.e-container>.elementor-widget-video{width:var(--container-widget-width,100%)}<\/style>\t\t<div class=\"elementor-wrapper elementor-fit-aspect-ratio elementor-open-inline\">\n\t\t\t<iframe class=\"elementor-video-iframe\" allowfullscreen title=\"vimeo Videospeler\" src=\"https:\/\/player.vimeo.com\/video\/844535887?color&amp;autopause=0&amp;loop=0&amp;muted=0&amp;title=1&amp;portrait=1&amp;byline=1#t=\"><\/iframe>\t\t<\/div>\n\t\t\t\t<\/div>\n\t\t\t\t<\/div>\n\t\t\t\t<div class=\"elementor-element elementor-element-d045a69 elementor-widget elementor-widget-spacer\" data-id=\"d045a69\" data-element_type=\"widget\" data-widget_type=\"spacer.default\">\n\t\t\t\t<div class=\"elementor-widget-container\">\n\t\t\t\t\t<div class=\"elementor-spacer\">\n\t\t\t<div class=\"elementor-spacer-inner\"><\/div>\n\t\t<\/div>\n\t\t\t\t<\/div>\n\t\t\t\t<\/div>\n\t\t\t\t\t<\/div>\n\t\t<\/div>\n\t\t\t\t\t\t\t<\/div>\n\t\t<\/section>\n\t\t\t\t<section class=\"elementor-section elementor-top-section elementor-element elementor-element-68c60cd elementor-section-boxed elementor-section-height-default elementor-section-height-default\" data-id=\"68c60cd\" data-element_type=\"section\">\n\t\t\t\t\t\t<div class=\"elementor-container elementor-column-gap-default\">\n\t\t\t\t\t<div class=\"elementor-column elementor-col-100 elementor-top-column elementor-element elementor-element-8b8d508\" data-id=\"8b8d508\" data-element_type=\"column\">\n\t\t\t<div class=\"elementor-widget-wrap\">\n\t\t\t\t\t\t\t\t\t<\/div>\n\t\t<\/div>\n\t\t\t\t\t\t\t<\/div>\n\t\t<\/section>\n\t\t\t\t\t\t\t<\/div>\n\t\t","protected":false},"excerpt":{"rendered":"<p>Expert spreker Praktische tips van di\u00ebtist Tijdsduur: 124 minuten Prijs: \u20ac49,- exlusief btw Bekijk de video Voeding bij mensen met een verstandelijke beperking De diversiteit van cli\u00ebnten binnen de VG is groot: Ernstig meervoudig beperkt met ondergewicht en een aangepaste voeding door kauw- en slikproblemen; licht verstandelijk beperkt met autisme en obesitas; een ouder wordende [&hellip;]<\/p>\n","protected":false},"featured_media":1983,"parent":0,"menu_order":0,"template":"","meta":[],"categories":[],"tags":[],"vakgebied":[28],"productietype":[],"yoast_head":"<!-- This site is optimized with the Yoast SEO plugin v20.6 - https:\/\/yoast.com\/wordpress\/plugins\/seo\/ -->\n<title>Voeding bij mensen met een verstandelijke beperking - Leids Congres Bureau On-Demand<\/title>\n<meta name=\"description\" content=\"Een webinar met de juiste informatie en handvatten over goede voeding voor jouw cli\u00ebnt met een verstandelijke beperking\" \/>\n<meta name=\"robots\" content=\"index, follow, max-snippet:-1, max-image-preview:large, max-video-preview:-1\" \/>\n<link rel=\"canonical\" href=\"https:\/\/www.leidscongresbureau.nl\/on-demand\/productie\/voeding-bij-mensen-met-een-verstandelijke-beperking\/\" \/>\n<meta property=\"og:locale\" content=\"nl_NL\" \/>\n<meta property=\"og:type\" content=\"article\" \/>\n<meta property=\"og:title\" content=\"Voeding bij mensen met een verstandelijke beperking - Leids Congres Bureau On-Demand\" \/>\n<meta property=\"og:description\" content=\"Een webinar met de juiste informatie en handvatten over goede voeding voor jouw cli\u00ebnt met een verstandelijke beperking\" \/>\n<meta property=\"og:url\" content=\"https:\/\/www.leidscongresbureau.nl\/on-demand\/productie\/voeding-bij-mensen-met-een-verstandelijke-beperking\/\" \/>\n<meta property=\"og:site_name\" content=\"Leids Congres Bureau On-Demand\" \/>\n<meta property=\"article:publisher\" content=\"https:\/\/www.facebook.com\/LCBCongressen\" \/>\n<meta property=\"article:modified_time\" content=\"2023-07-12T10:37:15+00:00\" \/>\n<meta property=\"og:image\" content=\"https:\/\/www.leidscongresbureau.nl\/on-demand\/wp-content\/uploads\/2023\/07\/L2320-Voeding-VG.jpg\" \/>\n\t<meta property=\"og:image:width\" content=\"612\" \/>\n\t<meta property=\"og:image:height\" content=\"408\" \/>\n\t<meta property=\"og:image:type\" content=\"image\/jpeg\" \/>\n<meta name=\"twitter:card\" content=\"summary_large_image\" \/>\n<meta name=\"twitter:site\" content=\"@lcbAcademie\" \/>\n<meta name=\"twitter:label1\" content=\"Geschatte leestijd\" \/>\n\t<meta name=\"twitter:data1\" content=\"2 minuten\" \/>\n<script type=\"application\/ld+json\" class=\"yoast-schema-graph\">{\"@context\":\"https:\/\/schema.org\",\"@graph\":[{\"@type\":\"WebPage\",\"@id\":\"https:\/\/www.leidscongresbureau.nl\/on-demand\/productie\/voeding-bij-mensen-met-een-verstandelijke-beperking\/\",\"url\":\"https:\/\/www.leidscongresbureau.nl\/on-demand\/productie\/voeding-bij-mensen-met-een-verstandelijke-beperking\/\",\"name\":\"Voeding bij mensen met een verstandelijke beperking - Leids Congres Bureau On-Demand\",\"isPartOf\":{\"@id\":\"https:\/\/www.leidscongresbureau.nl\/on-demand\/#website\"},\"datePublished\":\"2023-07-12T09:52:01+00:00\",\"dateModified\":\"2023-07-12T10:37:15+00:00\",\"description\":\"Een webinar met de juiste informatie en handvatten over goede voeding voor jouw cli\u00ebnt met een verstandelijke beperking\",\"breadcrumb\":{\"@id\":\"https:\/\/www.leidscongresbureau.nl\/on-demand\/productie\/voeding-bij-mensen-met-een-verstandelijke-beperking\/#breadcrumb\"},\"inLanguage\":\"nl\",\"potentialAction\":[{\"@type\":\"ReadAction\",\"target\":[\"https:\/\/www.leidscongresbureau.nl\/on-demand\/productie\/voeding-bij-mensen-met-een-verstandelijke-beperking\/\"]}]},{\"@type\":\"BreadcrumbList\",\"@id\":\"https:\/\/www.leidscongresbureau.nl\/on-demand\/productie\/voeding-bij-mensen-met-een-verstandelijke-beperking\/#breadcrumb\",\"itemListElement\":[{\"@type\":\"ListItem\",\"position\":1,\"name\":\"Home\",\"item\":\"https:\/\/www.leidscongresbureau.nl\/on-demand\/\"},{\"@type\":\"ListItem\",\"position\":2,\"name\":\"Gehandicaptenzorg\",\"item\":\"https:\/\/www.leidscongresbureau.nl\/on-demand\/vakgebied\/gehandicaptenzorg\/\"},{\"@type\":\"ListItem\",\"position\":3,\"name\":\"Voeding bij mensen met een verstandelijke beperking\"}]},{\"@type\":\"WebSite\",\"@id\":\"https:\/\/www.leidscongresbureau.nl\/on-demand\/#website\",\"url\":\"https:\/\/www.leidscongresbureau.nl\/on-demand\/\",\"name\":\"Leids Congres Bureau On-Demand\",\"description\":\"On-demand scholing voor zorgprofessionals\",\"publisher\":{\"@id\":\"https:\/\/www.leidscongresbureau.nl\/on-demand\/#organization\"},\"potentialAction\":[{\"@type\":\"SearchAction\",\"target\":{\"@type\":\"EntryPoint\",\"urlTemplate\":\"https:\/\/www.leidscongresbureau.nl\/on-demand\/?s={search_term_string}\"},\"query-input\":\"required name=search_term_string\"}],\"inLanguage\":\"nl\"},{\"@type\":\"Organization\",\"@id\":\"https:\/\/www.leidscongresbureau.nl\/on-demand\/#organization\",\"name\":\"Leids Congres Bureau\",\"url\":\"https:\/\/www.leidscongresbureau.nl\/on-demand\/\",\"logo\":{\"@type\":\"ImageObject\",\"inLanguage\":\"nl\",\"@id\":\"https:\/\/www.leidscongresbureau.nl\/on-demand\/#\/schema\/logo\/image\/\",\"url\":\"https:\/\/www.leidscongresbureau.nl\/on-demand\/wp-content\/uploads\/2022\/06\/2020-LCB-logo.png\",\"contentUrl\":\"https:\/\/www.leidscongresbureau.nl\/on-demand\/wp-content\/uploads\/2022\/06\/2020-LCB-logo.png\",\"width\":1668,\"height\":821,\"caption\":\"Leids Congres Bureau\"},\"image\":{\"@id\":\"https:\/\/www.leidscongresbureau.nl\/on-demand\/#\/schema\/logo\/image\/\"},\"sameAs\":[\"https:\/\/www.facebook.com\/LCBCongressen\",\"https:\/\/twitter.com\/lcbAcademie\",\"https:\/\/nl.linkedin.com\/company\/leids-congres-bureau\"]}]}<\/script>\n<!-- \/ Yoast SEO plugin. -->","yoast_head_json":{"title":"Voeding bij mensen met een verstandelijke beperking - Leids Congres Bureau On-Demand","description":"Een webinar met de juiste informatie en handvatten over goede voeding voor jouw cli\u00ebnt met een verstandelijke beperking","robots":{"index":"index","follow":"follow","max-snippet":"max-snippet:-1","max-image-preview":"max-image-preview:large","max-video-preview":"max-video-preview:-1"},"canonical":"https:\/\/www.leidscongresbureau.nl\/on-demand\/productie\/voeding-bij-mensen-met-een-verstandelijke-beperking\/","og_locale":"nl_NL","og_type":"article","og_title":"Voeding bij mensen met een verstandelijke beperking - Leids Congres Bureau On-Demand","og_description":"Een webinar met de juiste informatie en handvatten over goede voeding voor jouw cli\u00ebnt met een verstandelijke beperking","og_url":"https:\/\/www.leidscongresbureau.nl\/on-demand\/productie\/voeding-bij-mensen-met-een-verstandelijke-beperking\/","og_site_name":"Leids Congres Bureau On-Demand","article_publisher":"https:\/\/www.facebook.com\/LCBCongressen","article_modified_time":"2023-07-12T10:37:15+00:00","og_image":[{"width":612,"height":408,"url":"https:\/\/www.leidscongresbureau.nl\/on-demand\/wp-content\/uploads\/2023\/07\/L2320-Voeding-VG.jpg","type":"image\/jpeg"}],"twitter_card":"summary_large_image","twitter_site":"@lcbAcademie","twitter_misc":{"Geschatte leestijd":"2 minuten"},"schema":{"@context":"https:\/\/schema.org","@graph":[{"@type":"WebPage","@id":"https:\/\/www.leidscongresbureau.nl\/on-demand\/productie\/voeding-bij-mensen-met-een-verstandelijke-beperking\/","url":"https:\/\/www.leidscongresbureau.nl\/on-demand\/productie\/voeding-bij-mensen-met-een-verstandelijke-beperking\/","name":"Voeding bij mensen met een verstandelijke beperking - Leids Congres Bureau On-Demand","isPartOf":{"@id":"https:\/\/www.leidscongresbureau.nl\/on-demand\/#website"},"datePublished":"2023-07-12T09:52:01+00:00","dateModified":"2023-07-12T10:37:15+00:00","description":"Een webinar met de juiste informatie en handvatten over goede voeding voor jouw cli\u00ebnt met een verstandelijke beperking","breadcrumb":{"@id":"https:\/\/www.leidscongresbureau.nl\/on-demand\/productie\/voeding-bij-mensen-met-een-verstandelijke-beperking\/#breadcrumb"},"inLanguage":"nl","potentialAction":[{"@type":"ReadAction","target":["https:\/\/www.leidscongresbureau.nl\/on-demand\/productie\/voeding-bij-mensen-met-een-verstandelijke-beperking\/"]}]},{"@type":"BreadcrumbList","@id":"https:\/\/www.leidscongresbureau.nl\/on-demand\/productie\/voeding-bij-mensen-met-een-verstandelijke-beperking\/#breadcrumb","itemListElement":[{"@type":"ListItem","position":1,"name":"Home","item":"https:\/\/www.leidscongresbureau.nl\/on-demand\/"},{"@type":"ListItem","position":2,"name":"Gehandicaptenzorg","item":"https:\/\/www.leidscongresbureau.nl\/on-demand\/vakgebied\/gehandicaptenzorg\/"},{"@type":"ListItem","position":3,"name":"Voeding bij mensen met een verstandelijke beperking"}]},{"@type":"WebSite","@id":"https:\/\/www.leidscongresbureau.nl\/on-demand\/#website","url":"https:\/\/www.leidscongresbureau.nl\/on-demand\/","name":"Leids Congres Bureau On-Demand","description":"On-demand scholing voor zorgprofessionals","publisher":{"@id":"https:\/\/www.leidscongresbureau.nl\/on-demand\/#organization"},"potentialAction":[{"@type":"SearchAction","target":{"@type":"EntryPoint","urlTemplate":"https:\/\/www.leidscongresbureau.nl\/on-demand\/?s={search_term_string}"},"query-input":"required name=search_term_string"}],"inLanguage":"nl"},{"@type":"Organization","@id":"https:\/\/www.leidscongresbureau.nl\/on-demand\/#organization","name":"Leids Congres Bureau","url":"https:\/\/www.leidscongresbureau.nl\/on-demand\/","logo":{"@type":"ImageObject","inLanguage":"nl","@id":"https:\/\/www.leidscongresbureau.nl\/on-demand\/#\/schema\/logo\/image\/","url":"https:\/\/www.leidscongresbureau.nl\/on-demand\/wp-content\/uploads\/2022\/06\/2020-LCB-logo.png","contentUrl":"https:\/\/www.leidscongresbureau.nl\/on-demand\/wp-content\/uploads\/2022\/06\/2020-LCB-logo.png","width":1668,"height":821,"caption":"Leids Congres Bureau"},"image":{"@id":"https:\/\/www.leidscongresbureau.nl\/on-demand\/#\/schema\/logo\/image\/"},"sameAs":["https:\/\/www.facebook.com\/LCBCongressen","https:\/\/twitter.com\/lcbAcademie","https:\/\/nl.linkedin.com\/company\/leids-congres-bureau"]}]}},"_links":{"self":[{"href":"https:\/\/www.leidscongresbureau.nl\/on-demand\/wp-json\/wp\/v2\/productie\/1982"}],"collection":[{"href":"https:\/\/www.leidscongresbureau.nl\/on-demand\/wp-json\/wp\/v2\/productie"}],"about":[{"href":"https:\/\/www.leidscongresbureau.nl\/on-demand\/wp-json\/wp\/v2\/types\/productie"}],"version-history":[{"count":10,"href":"https:\/\/www.leidscongresbureau.nl\/on-demand\/wp-json\/wp\/v2\/productie\/1982\/revisions"}],"predecessor-version":[{"id":1993,"href":"https:\/\/www.leidscongresbureau.nl\/on-demand\/wp-json\/wp\/v2\/productie\/1982\/revisions\/1993"}],"wp:featuredmedia":[{"embeddable":true,"href":"https:\/\/www.leidscongresbureau.nl\/on-demand\/wp-json\/wp\/v2\/media\/1983"}],"wp:attachment":[{"href":"https:\/\/www.leidscongresbureau.nl\/on-demand\/wp-json\/wp\/v2\/media?parent=1982"}],"wp:term":[{"taxonomy":"category","embeddable":true,"href":"https:\/\/www.leidscongresbureau.nl\/on-demand\/wp-json\/wp\/v2\/categories?post=1982"},{"taxonomy":"post_tag","embeddable":true,"href":"https:\/\/www.leidscongresbureau.nl\/on-demand\/wp-json\/wp\/v2\/tags?post=1982"},{"taxonomy":"vakgebied","embeddable":true,"href":"https:\/\/www.leidscongresbureau.nl\/on-demand\/wp-json\/wp\/v2\/vakgebied?post=1982"},{"taxonomy":"productietype","embeddable":true,"href":"https:\/\/www.leidscongresbureau.nl\/on-demand\/wp-json\/wp\/v2\/productietype?post=1982"}],"curies":[{"name":"wp","href":"https:\/\/api.w.org\/{rel}","templated":true}]}}